{"id":1962,"date":"2022-11-04T15:17:06","date_gmt":"2022-11-04T14:17:06","guid":{"rendered":"https:\/\/dairy-dav.hu\/szechenyi-terv-plusz\/"},"modified":"2025-01-10T11:51:53","modified_gmt":"2025-01-10T10:51:53","slug":"szechenyi-terv-plusz","status":"publish","type":"page","link":"https:\/\/dairy-dav.hu\/ro\/szechenyi-terv-plusz\/","title":{"rendered":"Sz\u00e9chenyi Terv Plusz"},"content":{"rendered":"\n<div class=\"wp-block-cover alignfull\" style=\"min-height:500px;aspect-ratio:unset;\"><span aria-hidden=\"true\" class=\"wp-block-cover__background has-background-dim-0 has-background-dim\"><\/span><img loading=\"lazy\" decoding=\"async\" width=\"1920\" height=\"498\" class=\"wp-block-cover__image-background wp-image-7094\" alt=\"\" src=\"https:\/\/dairy-dav.hu\/wp-content\/uploads\/2023\/02\/hero-14-palyazat.png\" data-object-fit=\"cover\" srcset=\"https:\/\/dairy-dav.hu\/wp-content\/uploads\/2023\/02\/hero-14-palyazat.png 1920w, https:\/\/dairy-dav.hu\/wp-content\/uploads\/2023\/02\/hero-14-palyazat-600x156.png 600w, https:\/\/dairy-dav.hu\/wp-content\/uploads\/2023\/02\/hero-14-palyazat-300x78.png 300w, https:\/\/dairy-dav.hu\/wp-content\/uploads\/2023\/02\/hero-14-palyazat-1024x266.png 1024w, https:\/\/dairy-dav.hu\/wp-content\/uploads\/2023\/02\/hero-14-palyazat-768x199.png 768w, https:\/\/dairy-dav.hu\/wp-content\/uploads\/2023\/02\/hero-14-palyazat-1536x398.png 1536w, https:\/\/dairy-dav.hu\/wp-content\/uploads\/2023\/02\/hero-14-palyazat-200x52.png 200w\" sizes=\"auto, (max-width: 1920px) 100vw, 1920px\" \/><div class=\"wp-block-cover__inner-container is-layout-flow wp-block-cover-is-layout-flow\">\n<p class=\"has-text-align-center hero-text\"><strong>P\u00e1ly\u00e1zatok<\/strong><br><\/p>\n\n\n\n<p class=\"has-text-align-center\" style=\"font-size:25px\"><strong>Sz\u00e9chenyi 2020<\/strong><\/p>\n<\/div><\/div>\n\n\n\n<div style=\"height:80px\" aria-hidden=\"true\" class=\"wp-block-spacer\"><\/div>\n\n\n<div class=\"wp-block-image\">\n<figure class=\"aligncenter size-thumbnail\"><img loading=\"lazy\" decoding=\"async\" width=\"150\" height=\"150\" src=\"https:\/\/dairy-dav.hu\/wp-content\/uploads\/2023\/09\/infoblokk_kedv_final_felso_cmyk_ERFA-150x150.jpg\" alt=\"\" class=\"wp-image-9244\" style=\"object-fit:cover\" srcset=\"https:\/\/dairy-dav.hu\/wp-content\/uploads\/2023\/09\/infoblokk_kedv_final_felso_cmyk_ERFA-150x150.jpg 150w, https:\/\/dairy-dav.hu\/wp-content\/uploads\/2023\/09\/infoblokk_kedv_final_felso_cmyk_ERFA-300x300.jpg 300w, https:\/\/dairy-dav.hu\/wp-content\/uploads\/2023\/09\/infoblokk_kedv_final_felso_cmyk_ERFA-200x200.jpg 200w\" sizes=\"auto, (max-width: 150px) 100vw, 150px\" \/><\/figure>\n<\/div>\n\n\n<div style=\"height:10px\" aria-hidden=\"true\" class=\"wp-block-spacer\"><\/div>\n\n\n<h2 style=\"text-align: center;\">Dairy-D\u00e1v Mez\u0151gazdas\u00e1gi-Rendszerszervez\u0151, <br \/>Szolg\u00e1ltat\u00f3 \u00e9s Kereskedelmi Korl\u00e1tolt Felel\u0151ss\u00e9g\u0171 T\u00e1rsas\u00e1g<\/h2>\n<\/p>\n<p style=\"text-align: center;\">GINOP-1.2.16-22 <br \/><span style=\"font-family: inherit; font-size: inherit; font-style: inherit; font-variant-ligatures: inherit; font-variant-caps: inherit; font-weight: inherit; color: initial; letter-spacing: 0px;\">H\u00e1tr\u00e1nyos helyzet\u0171 telep\u00fcl\u00e9seken m\u0171k\u00f6d\u0151 mikro- <\/span><span style=\"font-family: inherit; font-size: inherit; font-style: inherit; font-variant-ligatures: inherit; font-variant-caps: inherit; font-weight: inherit; color: initial; letter-spacing: 0px;\">\u00e9s kisv\u00e1llalkoz\u00e1sok fejleszt\u00e9seinek t\u00e1mogat\u00e1sa<\/span><\/p>\n\n\n<div style=\"height:80px\" aria-hidden=\"true\" class=\"wp-block-spacer\"><\/div>\n\n\n\n<p><strong>Projektazonos\u00edt\u00f3: <\/strong>GINOP-1.2.16-22-2023-00176<\/p>\n\n\n\n<div style=\"height:20px\" aria-hidden=\"true\" class=\"wp-block-spacer\"><\/div>\n\n\n\n<p><strong>T\u00e1mogat\u00e1s \u00f6sszege: <\/strong>157.312.157 Ft<\/p>\n\n\n\n<div style=\"height:20px\" aria-hidden=\"true\" class=\"wp-block-spacer\"><\/div>\n\n\n\n<p><strong>T\u00e1mogat\u00e1s intenzit\u00e1sa: <\/strong>70%<\/p>\n\n\n\n<div style=\"height:20px\" aria-hidden=\"true\" class=\"wp-block-spacer\"><\/div>\n\n\n\n<p><strong>Projekt c\u00edme: <\/strong>Ingatlanberuh\u00e1z\u00e1s \u00e9s technol\u00f3giai fejleszt\u00e9s a Dairy-D\u00e1v Kft.-n\u00e9l<\/p>\n\n\n\n<div style=\"height:20px\" aria-hidden=\"true\" class=\"wp-block-spacer\"><\/div>\n\n\n\n<p><strong>A projekt bemutat\u00e1sa:<\/strong><\/p>\n\n\n\n<p>A Dairy-D\u00e1v Kft. 1992 \u00f3ta gy\u00e1rt \u00e9s forgalmaz ist\u00e1ll\u00f3technol\u00f3giai elemeket. Megrendel\u0151ink d\u00f6nt\u0151 t\u00f6bbs\u00e9ge tejel\u0151 szarvasmarhatart\u00e1ssal foglalkozik, mely \u00e1gazat legink\u00e1bb a fenn\u00e1ll\u00f3 p\u00e1ly\u00e1zati rendszer keret\u00e9ben tud fejleszt\u00e9seket v\u00e9grehajtani. A fejleszt\u00e9sek sor\u00e1n c\u00e9g\u00fcnk komplett telep rekonstrukci\u00f3kat hajt v\u00e9gre, melyhez elengedhetetlen a folyamatosan rendelkez\u00e9sre \u00e1ll\u00f3, egyedi ig\u00e9nyekhez igazod\u00f3 gy\u00e1rt\u00e1si kapacit\u00e1s megl\u00e9te. A megl\u00e9v\u0151 g\u00e9ppark m\u00e1r nem tudta kiszolg\u00e1lni azt a megn\u00f6vekedett ig\u00e9nyt, melyet a tehen\u00e9szeti telepek fejleszt\u00e9se sor\u00e1n elv\u00e1rtak c\u00e9g\u00fcnkt\u0151l. A hat\u00e1rid\u0151k pontos betart\u00e1s\u00e1hoz \u00e9s a min\u0151s\u00e9gi munkav\u00e9gz\u00e9shez olyan technol\u00f3giai berendez\u00e9sek beszerz\u00e9se v\u00e1lt sz\u00fcks\u00e9gess\u00e9, mely hozz\u00e1j\u00e1rult a gy\u00e1rt\u00e1si id\u0151 ler\u00f6vid\u00edt\u00e9s\u00e9hez, a min\u0151s\u00e9g javul\u00e1s\u00e1hoz \u00e9s ezzel egyid\u0151ben a b\u00e9rmunka k\u00f6lts\u00e9g\u00e9nek cs\u00f6kkent\u00e9s\u00e9hez.<\/p>\n\n\n\n<div style=\"height:40px\" aria-hidden=\"true\" class=\"wp-block-spacer\"><\/div>\n\n\n\n<h3 class=\"wp-block-heading\"><strong>A p\u00e1ly\u00e1zat keret\u00e9n bel\u00fcl az al\u00e1bbi tev\u00e9kenys\u00e9gek megval\u00f3s\u00edt\u00e1sa ker\u00fclt tervez\u00e9sre<\/strong><\/h3>\n\n\n\n<div style=\"height:20px\" aria-hidden=\"true\" class=\"wp-block-spacer\"><\/div>\n\n\n\n<p><strong>\u00daj f\u00e9mipari m\u0171hely \u00e9p\u00edt\u00e9se:<\/strong> A kivitelez\u00e9si munk\u00e1latok \u00e9p\u00edt\u00e9si enged\u00e9lyhez k\u00f6t\u00f6tt tev\u00e9kenys\u00e9gnek min\u0151s\u00fcltek.&nbsp; A tervezett \u00e9p\u00fcletben ist\u00e1ll\u00f3technol\u00f3giai elemek (korl\u00e1tok, kapuk, pihen\u0151bokszok, stb.) gy\u00e1rt\u00e1sa, jav\u00edt\u00e1sa, azok be\u00e9p\u00edt\u00e9se el\u0151tti m\u0171hely munk\u00e1k v\u00e9gz\u00e9se t\u00f6rt\u00e9nik majd. Az \u00faj \u00e9p\u00fclet brutt\u00f3 alapter\u00fclete 486 m2, ac\u00e9lv\u00e1zas, magastet\u0151s, szendvicspanel falburkolat\u00fa. Az \u00e9p\u00fclet \u00e9p\u00edt\u00e9se alapvet\u0151en sz\u00fcks\u00e9ges ahhoz, hogy a 28.30 TE\u00c1OR sz\u00e1m\u00fa gy\u00e1rt\u00e1si tev\u00e9kenys\u00e9g\u00fcnk magasabb min\u0151s\u00e9gben, nagyobb kapacit\u00e1ssal m\u0171k\u00f6dhessen.<\/p>\n\n\n\n<div style=\"height:20px\" aria-hidden=\"true\" class=\"wp-block-spacer\"><\/div>\n\n\n\n<p><strong>Egy m\u00e1r megl\u00e9v\u0151 \u00e9p\u00fcleten ny\u00edl\u00e1sz\u00e1r\u00f3k cser\u00e9je (alum\u00ednium \u00e9s m\u0171anyag):<\/strong> Az \u00e9p\u00edt\u00e9shez\/fel\u00faj\u00edt\u00e1shoz kapcsol\u00f3d\u00f3 munk\u00e1latok egyben ker\u00fcltek tervez\u00e9sre \u00e9s kivitelez\u00e9sre, \u00edgy \u00c9TDR azonos\u00edt\u00f3val rendelkezik a tev\u00e9kenys\u00e9g. A munk\u00e1latok sor\u00e1n a m\u00e1r megl\u00e9v\u0151 \u00e9p\u00fcleten ker\u00fcltek kicser\u00e9l\u00e9sre az elavult ny\u00edl\u00e1sz\u00e1r\u00f3k. Ezen fejleszt\u00e9s nagyban hozz\u00e1j\u00e1rult a munkak\u00f6rnyezet jav\u00edt\u00e1s\u00e1hoz \u00e9s a c\u00e9g kiad\u00e1sainak cs\u00f6kkent\u00e9s\u00e9hez.<\/p>\n\n\n\n<div style=\"height:20px\" aria-hidden=\"true\" class=\"wp-block-spacer\"><\/div>\n\n\n\n<p><strong>Beszerz\u00e9sre ker\u00fclt egy CivisCloud szoftver<\/strong>, mely az al\u00e1bbi, a v\u00e1llalkoz\u00e1s szempontj\u00e1b\u00f3l kiemelked\u0151en hasznos c\u00e9lter\u00fcleteket \u00e9rinti: V\u00e1llalati CRM, \u00e9rt\u00e9kes\u00edt\u00e9si ter\u00fclet; Kontrolling \u00e9s d\u00f6nt\u00e9st\u00e1mogat\u00e1s; Beszerz\u00e9si, logisztikai ter\u00fclet; P\u00e9nz\u00fcgyi, sz\u00e1mviteli ter\u00fclet; valamint Elektronikus iratkezel\u00e9si rendszer.<\/p>\n\n\n\n<div style=\"height:20px\" aria-hidden=\"true\" class=\"wp-block-spacer\"><\/div>\n\n\n\n<p><strong>Napelemes rendszer kialak\u00edt\u00e1sa <\/strong>31,5 kW teljes\u00edtm\u00e9nyben, mely az \u00e9p\u00fcletek energiaig\u00e9ny\u00e9t fedezi, \u00edgy nem termelne vissza a h\u00e1l\u00f3zatra, helyben felhaszn\u00e1l\u00e1sra ker\u00fcl a termelt energia. A napelemes rendszer a c\u00e9g kiad\u00e1sainak, valamint az \u00f6kol\u00f3giai l\u00e1bnyom cs\u00f6kkent\u00e9s\u00e9hez j\u00e1rul hozz\u00e1 nagyban.<\/p>\n\n\n\n<div style=\"height:20px\" aria-hidden=\"true\" class=\"wp-block-spacer\"><\/div>\n\n\n\n<p><strong>Eszk\u00f6zbeszerz\u00e9s:<\/strong> Egyr\u00e9szt technol\u00f3giai fejleszt\u00e9st eredm\u00e9nyez\u0151 eszk\u00f6z\u00f6k beszerz\u00e9se t\u00f6rt\u00e9nt meg, melyek \u00e1ltal a v\u00e1llalkoz\u00e1s k\u00f6zvetlen technol\u00f3giai fejleszt\u00e9st kapott, m\u00e1sr\u00e9szt IKT eszk\u00f6z\u00f6k beszerz\u00e9se is megval\u00f3sult (1 db WELD IMIG hegeszt\u0151, 1 db ESAB Caddy Tig, 1 db \u00e1ramfejleszt\u0151, 1 db \u00e1llv\u00e1ny, 1 db villamosh\u00e1l\u00f3zati analiz\u00e1tor, 1 db ellen\u00e1ll\u00e1sm\u00e9r\u0151 multim\u00e9ter, 1 db hidraulikus oll\u00f3, 1 db cs\u0151hajl\u00edt\u00f3 g\u00e9p, 1 db t\u00e1rcs\u00e1s darabol\u00f3, 6 db er\u0151csomag, 2 db l\u00e9zer \u00e1llv\u00e1nnyal, 4 db akku csomag, 1 db magf\u00far\u00f3, 2 db l\u00e9zercsomag, 1 db popszegecscsomag, 5 db laptop, 1 db asztali sz\u00e1m\u00edt\u00f3g\u00e9p). A technol\u00f3giai- valamint g\u00e9ppark b\u0151v\u00edt\u00e9s\u00e9vel a c\u00e9g sz\u00e9lesebb v\u00e1laszt\u00e9kban \u00e9s nagyobb mennyis\u00e9gben k\u00e9pes kiszolg\u00e1lni vev\u0151it, melynek hat\u00e1s\u00e1ra a min\u0151s\u00e9g, vev\u0151k\u00f6r \u00e9s a v\u00e1s\u00e1rl\u00f3i el\u00e9gedetts\u00e9g ter\u00e9n is jelent\u0151s n\u00f6veked\u00e9s v\u00e1rhat\u00f3.<\/p>\n\n\n\n<div style=\"height:20px\" aria-hidden=\"true\" class=\"wp-block-spacer\"><\/div>\n\n\n\n<p><strong>K\u00e9pz\u00e9s:<\/strong> 2 f\u0151 r\u00e9sz\u00e9re Munkahelyi hat\u00e9konys\u00e1g fejleszt\u00e9se.&nbsp;<\/p>\n\n\n\n<div style=\"height:20px\" aria-hidden=\"true\" class=\"wp-block-spacer\"><\/div>\n\n\n\n<p><strong>Tan\u00e1csad\u00e1s:<\/strong> 100 \u00f3ra Marketingtan\u00e1csad\u00e1s \u00e9s m\u00e1rka\u00e9p\u00edt\u00e9s tan\u00e1csad\u00e1s.&nbsp;<\/p>\n\n\n\n<div style=\"height:20px\" aria-hidden=\"true\" class=\"wp-block-spacer\"><\/div>\n\n\n\n<p>A projekt megval\u00f3s\u00edt\u00e1sa egy komplex technol\u00f3giai fejleszt\u00e9st jelent a v\u00e1llalkoz\u00e1s \u00e9let\u00e9ben, hiszen mind infrastruktur\u00e1lisan, mind technol\u00f3gi\u00e1j\u00e1ban, mind digitaliz\u00e1ci\u00f3j\u00e1ban meg tudott \u00fajulni a DAIRY-D\u00c1V Kft. A p\u00e1ly\u00e1zat megval\u00f3s\u00edt\u00e1s\u00e1val a c\u00e9g versenyk\u00e9pess\u00e9ge jelent\u0151sen n\u00f6vekedni fog.<\/p>\n\n\n\n<p><\/p>\n\n\n\n<p><strong>A projekt 2023. j\u00falius 31. napj\u00e1n fejez\u0151d\u00f6tt be.<\/strong><\/p>\n\n\n\n<div style=\"height:40px\" aria-hidden=\"true\" class=\"wp-block-spacer\"><\/div>\n","protected":false},"excerpt":{"rendered":"<p>Dairy-D\u00e1v Mez\u0151gazdas\u00e1gi-Rendszerszervez\u0151, Szolg\u00e1ltat\u00f3 \u00e9s Kereskedelmi Korl\u00e1tolt Felel\u0151ss\u00e9g\u0171 T\u00e1rsas\u00e1g GINOP-1.2.16-22 H\u00e1tr\u00e1nyos helyzet\u0171 telep\u00fcl\u00e9seken m\u0171k\u00f6d\u0151 mikro- \u00e9s kisv\u00e1llalkoz\u00e1sok fejleszt\u00e9seinek t\u00e1mogat\u00e1sa Projektazonos\u00edt\u00f3: GINOP-1.2.16-22-2023-00176 T\u00e1mogat\u00e1s \u00f6sszege: 157.312.157 Ft T\u00e1mogat\u00e1s intenzit\u00e1sa: 70% Projekt c\u00edme: Ingatlanberuh\u00e1z\u00e1s \u00e9s technol\u00f3giai fejleszt\u00e9s a Dairy-D\u00e1v Kft.-n\u00e9l A projekt bemutat\u00e1sa: A Dairy-D\u00e1v Kft. 1992 \u00f3ta gy\u00e1rt \u00e9s forgalmaz ist\u00e1ll\u00f3technol\u00f3giai elemeket. Megrendel\u0151ink d\u00f6nt\u0151 t\u00f6bbs\u00e9ge tejel\u0151 szarvasmarhatart\u00e1ssal foglalkozik, [&hellip;]<\/p>\n","protected":false},"author":2,"featured_media":0,"parent":0,"menu_order":0,"comment_status":"closed","ping_status":"closed","template":"","meta":{"footnotes":""},"class_list":["post-1962","page","type-page","status-publish","hentry"],"acf":[],"yoast_head":"<!-- This site is optimized with the Yoast SEO plugin v24.5 - https:\/\/yoast.com\/wordpress\/plugins\/seo\/ -->\n<title>Sz\u00e9chenyi Terv Plusz - Dairy-D\u00e1v<\/title>\n<meta name=\"robots\" content=\"index, follow, max-snippet:-1, max-image-preview:large, max-video-preview:-1\" \/>\n<link rel=\"canonical\" href=\"https:\/\/dairy-dav.hu\/ro\/szechenyi-terv-plusz\/\" \/>\n<meta property=\"og:locale\" content=\"ro_RO\" \/>\n<meta property=\"og:type\" content=\"article\" \/>\n<meta property=\"og:title\" content=\"Sz\u00e9chenyi Terv Plusz - Dairy-D\u00e1v\" \/>\n<meta property=\"og:description\" content=\"Dairy-D\u00e1v Mez\u0151gazdas\u00e1gi-Rendszerszervez\u0151, Szolg\u00e1ltat\u00f3 \u00e9s Kereskedelmi Korl\u00e1tolt Felel\u0151ss\u00e9g\u0171 T\u00e1rsas\u00e1g GINOP-1.2.16-22 H\u00e1tr\u00e1nyos helyzet\u0171 telep\u00fcl\u00e9seken m\u0171k\u00f6d\u0151 mikro- \u00e9s kisv\u00e1llalkoz\u00e1sok fejleszt\u00e9seinek t\u00e1mogat\u00e1sa Projektazonos\u00edt\u00f3: GINOP-1.2.16-22-2023-00176 T\u00e1mogat\u00e1s \u00f6sszege: 157.312.157 Ft T\u00e1mogat\u00e1s intenzit\u00e1sa: 70% Projekt c\u00edme: Ingatlanberuh\u00e1z\u00e1s \u00e9s technol\u00f3giai fejleszt\u00e9s a Dairy-D\u00e1v Kft.-n\u00e9l A projekt bemutat\u00e1sa: A Dairy-D\u00e1v Kft. 1992 \u00f3ta gy\u00e1rt \u00e9s forgalmaz ist\u00e1ll\u00f3technol\u00f3giai elemeket. Megrendel\u0151ink d\u00f6nt\u0151 t\u00f6bbs\u00e9ge tejel\u0151 szarvasmarhatart\u00e1ssal foglalkozik, [&hellip;]\" \/>\n<meta property=\"og:url\" content=\"https:\/\/dairy-dav.hu\/ro\/szechenyi-terv-plusz\/\" \/>\n<meta property=\"og:site_name\" content=\"Dairy-D\u00e1v\" \/>\n<meta property=\"article:modified_time\" content=\"2025-01-10T10:51:53+00:00\" \/>\n<meta property=\"og:image\" content=\"https:\/\/dairy-dav.hu\/wp-content\/uploads\/2023\/02\/hero-14-palyazat.png\" \/>\n<meta name=\"twitter:card\" content=\"summary_large_image\" \/>\n<meta name=\"twitter:label1\" content=\"Timp estimat pentru citire\" \/>\n\t<meta name=\"twitter:data1\" content=\"3 minute\" \/>\n<script type=\"application\/ld+json\" class=\"yoast-schema-graph\">{\"@context\":\"https:\/\/schema.org\",\"@graph\":[{\"@type\":\"WebPage\",\"@id\":\"https:\/\/dairy-dav.hu\/ro\/szechenyi-terv-plusz\/\",\"url\":\"https:\/\/dairy-dav.hu\/ro\/szechenyi-terv-plusz\/\",\"name\":\"Sz\u00e9chenyi Terv Plusz - Dairy-D\u00e1v\",\"isPartOf\":{\"@id\":\"https:\/\/dairy-dav.hu\/#website\"},\"primaryImageOfPage\":{\"@id\":\"https:\/\/dairy-dav.hu\/ro\/szechenyi-terv-plusz\/#primaryimage\"},\"image\":{\"@id\":\"https:\/\/dairy-dav.hu\/ro\/szechenyi-terv-plusz\/#primaryimage\"},\"thumbnailUrl\":\"https:\/\/dairy-dav.hu\/wp-content\/uploads\/2023\/02\/hero-14-palyazat.png\",\"datePublished\":\"2022-11-04T14:17:06+00:00\",\"dateModified\":\"2025-01-10T10:51:53+00:00\",\"breadcrumb\":{\"@id\":\"https:\/\/dairy-dav.hu\/ro\/szechenyi-terv-plusz\/#breadcrumb\"},\"inLanguage\":\"ro-RO\",\"potentialAction\":[{\"@type\":\"ReadAction\",\"target\":[\"https:\/\/dairy-dav.hu\/ro\/szechenyi-terv-plusz\/\"]}]},{\"@type\":\"ImageObject\",\"inLanguage\":\"ro-RO\",\"@id\":\"https:\/\/dairy-dav.hu\/ro\/szechenyi-terv-plusz\/#primaryimage\",\"url\":\"https:\/\/dairy-dav.hu\/wp-content\/uploads\/2023\/02\/hero-14-palyazat.png\",\"contentUrl\":\"https:\/\/dairy-dav.hu\/wp-content\/uploads\/2023\/02\/hero-14-palyazat.png\"},{\"@type\":\"BreadcrumbList\",\"@id\":\"https:\/\/dairy-dav.hu\/ro\/szechenyi-terv-plusz\/#breadcrumb\",\"itemListElement\":[{\"@type\":\"ListItem\",\"position\":1,\"name\":\"Kezd\u0151lap\",\"item\":\"https:\/\/dairy-dav.hu\/ro\/\"},{\"@type\":\"ListItem\",\"position\":2,\"name\":\"Sz\u00e9chenyi Terv Plusz\"}]},{\"@type\":\"WebSite\",\"@id\":\"https:\/\/dairy-dav.hu\/#website\",\"url\":\"https:\/\/dairy-dav.hu\/\",\"name\":\"Dairy-D\u00e1v\",\"description\":\"Dairy-D\u00e1v Kft.\",\"potentialAction\":[{\"@type\":\"SearchAction\",\"target\":{\"@type\":\"EntryPoint\",\"urlTemplate\":\"https:\/\/dairy-dav.hu\/?s={search_term_string}\"},\"query-input\":{\"@type\":\"PropertyValueSpecification\",\"valueRequired\":true,\"valueName\":\"search_term_string\"}}],\"inLanguage\":\"ro-RO\"}]}<\/script>\n<!-- \/ Yoast SEO plugin. -->","yoast_head_json":{"title":"Sz\u00e9chenyi Terv Plusz - Dairy-D\u00e1v","robots":{"index":"index","follow":"follow","max-snippet":"max-snippet:-1","max-image-preview":"max-image-preview:large","max-video-preview":"max-video-preview:-1"},"canonical":"https:\/\/dairy-dav.hu\/ro\/szechenyi-terv-plusz\/","og_locale":"ro_RO","og_type":"article","og_title":"Sz\u00e9chenyi Terv Plusz - Dairy-D\u00e1v","og_description":"Dairy-D\u00e1v Mez\u0151gazdas\u00e1gi-Rendszerszervez\u0151, Szolg\u00e1ltat\u00f3 \u00e9s Kereskedelmi Korl\u00e1tolt Felel\u0151ss\u00e9g\u0171 T\u00e1rsas\u00e1g GINOP-1.2.16-22 H\u00e1tr\u00e1nyos helyzet\u0171 telep\u00fcl\u00e9seken m\u0171k\u00f6d\u0151 mikro- \u00e9s kisv\u00e1llalkoz\u00e1sok fejleszt\u00e9seinek t\u00e1mogat\u00e1sa Projektazonos\u00edt\u00f3: GINOP-1.2.16-22-2023-00176 T\u00e1mogat\u00e1s \u00f6sszege: 157.312.157 Ft T\u00e1mogat\u00e1s intenzit\u00e1sa: 70% Projekt c\u00edme: Ingatlanberuh\u00e1z\u00e1s \u00e9s technol\u00f3giai fejleszt\u00e9s a Dairy-D\u00e1v Kft.-n\u00e9l A projekt bemutat\u00e1sa: A Dairy-D\u00e1v Kft. 1992 \u00f3ta gy\u00e1rt \u00e9s forgalmaz ist\u00e1ll\u00f3technol\u00f3giai elemeket. Megrendel\u0151ink d\u00f6nt\u0151 t\u00f6bbs\u00e9ge tejel\u0151 szarvasmarhatart\u00e1ssal foglalkozik, [&hellip;]","og_url":"https:\/\/dairy-dav.hu\/ro\/szechenyi-terv-plusz\/","og_site_name":"Dairy-D\u00e1v","article_modified_time":"2025-01-10T10:51:53+00:00","og_image":[{"url":"https:\/\/dairy-dav.hu\/wp-content\/uploads\/2023\/02\/hero-14-palyazat.png","type":"","width":"","height":""}],"twitter_card":"summary_large_image","twitter_misc":{"Timp estimat pentru citire":"3 minute"},"schema":{"@context":"https:\/\/schema.org","@graph":[{"@type":"WebPage","@id":"https:\/\/dairy-dav.hu\/ro\/szechenyi-terv-plusz\/","url":"https:\/\/dairy-dav.hu\/ro\/szechenyi-terv-plusz\/","name":"Sz\u00e9chenyi Terv Plusz - Dairy-D\u00e1v","isPartOf":{"@id":"https:\/\/dairy-dav.hu\/#website"},"primaryImageOfPage":{"@id":"https:\/\/dairy-dav.hu\/ro\/szechenyi-terv-plusz\/#primaryimage"},"image":{"@id":"https:\/\/dairy-dav.hu\/ro\/szechenyi-terv-plusz\/#primaryimage"},"thumbnailUrl":"https:\/\/dairy-dav.hu\/wp-content\/uploads\/2023\/02\/hero-14-palyazat.png","datePublished":"2022-11-04T14:17:06+00:00","dateModified":"2025-01-10T10:51:53+00:00","breadcrumb":{"@id":"https:\/\/dairy-dav.hu\/ro\/szechenyi-terv-plusz\/#breadcrumb"},"inLanguage":"ro-RO","potentialAction":[{"@type":"ReadAction","target":["https:\/\/dairy-dav.hu\/ro\/szechenyi-terv-plusz\/"]}]},{"@type":"ImageObject","inLanguage":"ro-RO","@id":"https:\/\/dairy-dav.hu\/ro\/szechenyi-terv-plusz\/#primaryimage","url":"https:\/\/dairy-dav.hu\/wp-content\/uploads\/2023\/02\/hero-14-palyazat.png","contentUrl":"https:\/\/dairy-dav.hu\/wp-content\/uploads\/2023\/02\/hero-14-palyazat.png"},{"@type":"BreadcrumbList","@id":"https:\/\/dairy-dav.hu\/ro\/szechenyi-terv-plusz\/#breadcrumb","itemListElement":[{"@type":"ListItem","position":1,"name":"Kezd\u0151lap","item":"https:\/\/dairy-dav.hu\/ro\/"},{"@type":"ListItem","position":2,"name":"Sz\u00e9chenyi Terv Plusz"}]},{"@type":"WebSite","@id":"https:\/\/dairy-dav.hu\/#website","url":"https:\/\/dairy-dav.hu\/","name":"Dairy-D\u00e1v","description":"Dairy-D\u00e1v Kft.","potentialAction":[{"@type":"SearchAction","target":{"@type":"EntryPoint","urlTemplate":"https:\/\/dairy-dav.hu\/?s={search_term_string}"},"query-input":{"@type":"PropertyValueSpecification","valueRequired":true,"valueName":"search_term_string"}}],"inLanguage":"ro-RO"}]}},"_links":{"self":[{"href":"https:\/\/dairy-dav.hu\/ro\/wp-json\/wp\/v2\/pages\/1962","targetHints":{"allow":["GET"]}}],"collection":[{"href":"https:\/\/dairy-dav.hu\/ro\/wp-json\/wp\/v2\/pages"}],"about":[{"href":"https:\/\/dairy-dav.hu\/ro\/wp-json\/wp\/v2\/types\/page"}],"author":[{"embeddable":true,"href":"https:\/\/dairy-dav.hu\/ro\/wp-json\/wp\/v2\/users\/2"}],"replies":[{"embeddable":true,"href":"https:\/\/dairy-dav.hu\/ro\/wp-json\/wp\/v2\/comments?post=1962"}],"version-history":[{"count":5,"href":"https:\/\/dairy-dav.hu\/ro\/wp-json\/wp\/v2\/pages\/1962\/revisions"}],"predecessor-version":[{"id":10633,"href":"https:\/\/dairy-dav.hu\/ro\/wp-json\/wp\/v2\/pages\/1962\/revisions\/10633"}],"wp:attachment":[{"href":"https:\/\/dairy-dav.hu\/ro\/wp-json\/wp\/v2\/media?parent=1962"}],"curies":[{"name":"wp","href":"https:\/\/api.w.org\/{rel}","templated":true}]}}